{"id":206,"date":"2025-07-15T15:39:34","date_gmt":"2025-07-15T13:39:34","guid":{"rendered":"https:\/\/viiicongreso.universidadeslectoras.es\/?page_id=206"},"modified":"2025-07-16T13:37:12","modified_gmt":"2025-07-16T11:37:12","slug":"informacion-de-interes","status":"publish","type":"page","link":"https:\/\/viiicongreso.universidadeslectoras.es\/index.php\/informacion-de-interes\/","title":{"rendered":"Informaci\u00f3n de inter\u00e9s"},"content":{"rendered":"\n<div class=\"wp-block-columns alignwide are-vertically-aligned-center is-layout-flex wp-container-core-columns-is-layout-28f84493 wp-block-columns-is-layout-flex\">\n<div class=\"wp-block-column is-vertically-aligned-center is-layout-flow wp-block-column-is-layout-flow\" style=\"flex-basis:100%\">\n<p class=\"has-text-align-center has-accent-5-background-color has-background has-xx-large-font-size\"><strong>Informaci\u00f3n de inter\u00e9s<\/strong><\/p>\n<\/div>\n<\/div>\n\n\n\n<div class=\"wp-block-media-text is-stacked-on-mobile\"><figure class=\"wp-block-media-text__media\"><a href=\"https:\/\/viiicongreso.universidadeslectoras.es\/index.php\/situate-en-la-ual\/\"><img loading=\"lazy\" decoding=\"async\" width=\"696\" height=\"449\" src=\"https:\/\/viiicongreso.universidadeslectoras.es\/wp-content\/uploads\/2025\/07\/UAL_Plano.jpg\" alt=\"\" class=\"wp-image-207 size-full\" srcset=\"https:\/\/viiicongreso.universidadeslectoras.es\/wp-content\/uploads\/2025\/07\/UAL_Plano.jpg 696w, https:\/\/viiicongreso.universidadeslectoras.es\/wp-content\/uploads\/2025\/07\/UAL_Plano-300x194.jpg 300w\" sizes=\"auto, (max-width: 696px) 100vw, 696px\" \/><\/a><\/figure><div class=\"wp-block-media-text__content\">\n<p class=\"has-x-large-font-size\"><strong><a href=\"https:\/\/viiicongreso.universidadeslectoras.es\/index.php\/situate-en-la-ual\/\">Sit\u00faate en la UAL<\/a><\/strong><\/p>\n<\/div><\/div>\n\n\n\n<div class=\"wp-block-media-text is-stacked-on-mobile\"><figure class=\"wp-block-media-text__media\"><a href=\"https:\/\/viiicongreso.universidadeslectoras.es\/index.php\/donde-comer-en-la-ual\/\"><img loading=\"lazy\" decoding=\"async\" width=\"1024\" height=\"682\" src=\"https:\/\/viiicongreso.universidadeslectoras.es\/wp-content\/uploads\/2025\/07\/Plato-1024x682.jpg\" alt=\"\" class=\"wp-image-208 size-full\" srcset=\"https:\/\/viiicongreso.universidadeslectoras.es\/wp-content\/uploads\/2025\/07\/Plato-1024x682.jpg 1024w, https:\/\/viiicongreso.universidadeslectoras.es\/wp-content\/uploads\/2025\/07\/Plato-300x200.jpg 300w, https:\/\/viiicongreso.universidadeslectoras.es\/wp-content\/uploads\/2025\/07\/Plato-768x512.jpg 768w, https:\/\/viiicongreso.universidadeslectoras.es\/wp-content\/uploads\/2025\/07\/Plato.jpg 1280w\" sizes=\"auto, (max-width: 1024px) 100vw, 1024px\" \/><\/a><\/figure><div class=\"wp-block-media-text__content\">\n<p class=\"has-x-large-font-size\"><a href=\"https:\/\/viiicongreso.universidadeslectoras.es\/index.php\/donde-comer-en-la-ual\/\"><strong>D\u00f3nde comer en la UAL<\/strong><\/a><\/p>\n<\/div><\/div>\n\n\n\n<div class=\"wp-block-media-text is-stacked-on-mobile\"><figure class=\"wp-block-media-text__media\"><a href=\"https:\/\/viiicongreso.universidadeslectoras.es\/index.php\/almeria-turismo-y-ocio\/\"><img loading=\"lazy\" decoding=\"async\" width=\"1024\" height=\"576\" src=\"https:\/\/viiicongreso.universidadeslectoras.es\/wp-content\/uploads\/2025\/07\/Turismo-Cultura-y-Ocio-en-Almeria-3-1024x576.jpg\" alt=\"\" class=\"wp-image-209 size-full\" srcset=\"https:\/\/viiicongreso.universidadeslectoras.es\/wp-content\/uploads\/2025\/07\/Turismo-Cultura-y-Ocio-en-Almeria-3-1024x576.jpg 1024w, https:\/\/viiicongreso.universidadeslectoras.es\/wp-content\/uploads\/2025\/07\/Turismo-Cultura-y-Ocio-en-Almeria-3-300x169.jpg 300w, https:\/\/viiicongreso.universidadeslectoras.es\/wp-content\/uploads\/2025\/07\/Turismo-Cultura-y-Ocio-en-Almeria-3-768x432.jpg 768w, https:\/\/viiicongreso.universidadeslectoras.es\/wp-content\/uploads\/2025\/07\/Turismo-Cultura-y-Ocio-en-Almeria-3-1536x864.jpg 1536w, https:\/\/viiicongreso.universidadeslectoras.es\/wp-content\/uploads\/2025\/07\/Turismo-Cultura-y-Ocio-en-Almeria-3.jpg 1920w\" sizes=\"auto, (max-width: 1024px) 100vw, 1024px\" \/><\/a><\/figure><div class=\"wp-block-media-text__content\">\n<p class=\"has-x-large-font-size\"><a href=\"https:\/\/viiicongreso.universidadeslectoras.es\/index.php\/almeria-turismo-y-ocio\/\"><strong>Almer\u00eda, turismo y ocio<\/strong><\/a><\/p>\n<\/div><\/div>\n","protected":false},"excerpt":{"rendered":"<p>Informaci\u00f3n de inter\u00e9s Sit\u00faate en la UAL D\u00f3nde comer en la UAL Almer\u00eda, turismo y ocio<\/p>\n","protected":false},"author":1,"featured_media":0,"parent":0,"menu_order":0,"comment_status":"closed","ping_status":"closed","template":"","meta":{"footnotes":""},"class_list":["post-206","page","type-page","status-publish","hentry"],"_links":{"self":[{"href":"https:\/\/viiicongreso.universidadeslectoras.es\/index.php\/wp-json\/wp\/v2\/pages\/206","targetHints":{"allow":["GET"]}}],"collection":[{"href":"https:\/\/viiicongreso.universidadeslectoras.es\/index.php\/wp-json\/wp\/v2\/pages"}],"about":[{"href":"https:\/\/viiicongreso.universidadeslectoras.es\/index.php\/wp-json\/wp\/v2\/types\/page"}],"author":[{"embeddable":true,"href":"https:\/\/viiicongreso.universidadeslectoras.es\/index.php\/wp-json\/wp\/v2\/users\/1"}],"replies":[{"embeddable":true,"href":"https:\/\/viiicongreso.universidadeslectoras.es\/index.php\/wp-json\/wp\/v2\/comments?post=206"}],"version-history":[{"count":5,"href":"https:\/\/viiicongreso.universidadeslectoras.es\/index.php\/wp-json\/wp\/v2\/pages\/206\/revisions"}],"predecessor-version":[{"id":308,"href":"https:\/\/viiicongreso.universidadeslectoras.es\/index.php\/wp-json\/wp\/v2\/pages\/206\/revisions\/308"}],"wp:attachment":[{"href":"https:\/\/viiicongreso.universidadeslectoras.es\/index.php\/wp-json\/wp\/v2\/media?parent=206"}],"curies":[{"name":"wp","href":"https:\/\/api.w.org\/{rel}","templated":true}]}}